{"id":4481,"date":"2024-01-17T18:08:15","date_gmt":"2024-01-17T18:08:15","guid":{"rendered":"https:\/\/arch.bilkent.edu.tr\/?page_id=4481"},"modified":"2024-01-18T08:51:20","modified_gmt":"2024-01-18T08:51:20","slug":"education-objectives","status":"publish","type":"page","link":"https:\/\/arch.bilkent.edu.tr\/?page_id=4481","title":{"rendered":"Education Objectives"},"content":{"rendered":"\n<div class=\"wp-block-group has-global-padding is-layout-constrained wp-block-group-is-layout-constrained\">\n<div class=\"wp-block-columns is-layout-flex wp-container-core-columns-is-layout-28f84493 wp-block-columns-is-layout-flex\">\n<div class=\"wp-block-column is-layout-flow wp-block-column-is-layout-flow\" style=\"flex-basis:66.66%\">\n<h2 class=\"wp-block-heading\">EDUCATION OBJECTIVES<\/h2>\n\n\n\n<hr class=\"wp-block-separator has-alpha-channel-opacity is-style-wide\"\/>\n\n\n\n<p>To educate designers who are able to think divergently to develop solutions to design problems.To prepare students for an Architectural practice which is informed by; contemporary environmental, technical and social challenges.To introduce students to a wider community of architecture, so that they can find their own place either in their home-country or anywhere in the world.To introduce other practices in the extended field of Architecture, so that they can shape their careers in a way to fit the academic or professional life they are willing to pursue.To prepare students to be able to conduct research in advanced studies in architecture or related disciplines and contribute to contemporary academic production.<\/p>\n\n\n\n<h2 class=\"wp-block-heading\">e\u011fitim ama\u00e7lar\u0131<\/h2>\n\n\n\n<hr class=\"wp-block-separator has-alpha-channel-opacity is-style-wide\"\/>\n\n\n\n<p>Tasar\u0131m sorunlar\u0131na \u00e7ok y\u00f6nl\u00fc d\u00fc\u015f\u00fcnerek \u00e7\u00f6z\u00fcm geli\u015ftirebilen tasar\u0131mc\u0131lar yeti\u015ftirmek.\u00d6\u011frencileri g\u00fcn\u00fcm\u00fcz\u00fcn \u00e7evresel, teknik ve sosyal problemlerine duyarl\u0131 bir mimarl\u0131k prati\u011fine haz\u0131rlamak.\u00d6\u011frencilere D\u00fcnya&#8217;da Mimarl\u0131k alan\u0131ndaki \u00e7ok \u00e7e\u015fitli yakla\u015f\u0131mlar\u0131 ve \u00e7al\u0131\u015fma gruplar\u0131n\u0131 tan\u0131tarak, kendi \u00fclkelerinde y\u00e2da d\u00fcnyan\u0131n herhangi bir yerinde, \u00e7al\u0131\u015fmak istedikleri ideal akademik veya profesyonel ortam\u0131 bulmalar\u0131na yard\u0131mc\u0131 olmak.Kariyerlerini, kurmak istedikleri akademik veya profesyonel ya\u015fama uyacak \u015fekilde \u015fekillendirebilmeleri i\u00e7in, mimarl\u0131k disiplini ile ileti\u015fim halindeki di\u011fer alanlar\u0131 da tan\u0131tmak.\u00d6\u011frencileri mimarl\u0131kta veya ilgili disiplinlerde ileri d\u00fczeyde ara\u015ft\u0131rma yapmaya ve \u00e7a\u011fda\u015f akademik \u00fcretime katk\u0131da bulunmaya haz\u0131rlamak.<\/p>\n\n\n\n<p><\/p>\n\n\n\n<figure class=\"wp-block-image size-full\"><img loading=\"lazy\" decoding=\"async\" width=\"576\" height=\"937\" src=\"https:\/\/arch.bilkent.edu.tr\/wp-content\/uploads\/2024\/01\/image-2.png\" alt=\"\" class=\"wp-image-4497\" srcset=\"https:\/\/arch.bilkent.edu.tr\/wp-content\/uploads\/2024\/01\/image-2.png 576w, https:\/\/arch.bilkent.edu.tr\/wp-content\/uploads\/2024\/01\/image-2-184x300.png 184w\" sizes=\"auto, (max-width: 576px) 100vw, 576px\" \/><\/figure>\n<\/div>\n\n\n\n<div class=\"wp-block-column is-sticky is-layout-flow wp-block-column-is-layout-flow\" style=\"flex-basis:33.33%\">\n<div style=\"height:1.4rem\" aria-hidden=\"true\" class=\"wp-block-spacer\"><\/div>\n\n\n\n<div class=\"wp-block-group has-global-padding is-layout-constrained wp-block-group-is-layout-constrained wp-container-1 is-position-sticky\">\n<hr class=\"wp-block-separator has-alpha-channel-opacity is-style-wide\"\/>\n\n\n\n<h3 class=\"wp-block-heading has-medium-font-size\">about the department<\/h3>\n\n\n\n<hr class=\"wp-block-separator has-alpha-channel-opacity is-style-wide\"\/>\n\n\n\n<h3 class=\"wp-block-heading has-medium-font-size\"><a href=\"https:\/\/arch.bilkent.edu.tr\/?page_id=4458\" data-type=\"page\" data-id=\"4458\">m\u0131ss\u0131on<\/a><\/h3>\n\n\n\n<h3 class=\"wp-block-heading has-medium-font-size\"><a href=\"https:\/\/arch.bilkent.edu.tr\/?page_id=4481\" data-type=\"page\" data-id=\"4481\">educat\u0131on object\u0131ves<\/a><\/h3>\n\n\n\n<h3 class=\"wp-block-heading has-medium-font-size\"><a href=\"https:\/\/arch.bilkent.edu.tr\/?page_id=4505\" data-type=\"page\" data-id=\"4505\">adm\u0131ss\u0131ons<\/a><\/h3>\n\n\n\n<h3 class=\"wp-block-heading has-medium-font-size\"><a href=\"https:\/\/arch.bilkent.edu.tr\/?page_id=4556\" data-type=\"page\" data-id=\"4556\">member organ\u0131zat\u0131ons<\/a><\/h3>\n\n\n\n<h3 class=\"wp-block-heading has-medium-font-size\"><a href=\"https:\/\/arch.bilkent.edu.tr\/?page_id=4576\" data-type=\"page\" data-id=\"4576\">contact<\/a><\/h3>\n\n\n\n<hr class=\"wp-block-separator has-alpha-channel-opacity is-style-wide\"\/>\n\n\n\n<p><\/p>\n<\/div>\n<\/div>\n<\/div>\n<\/div>\n","protected":false},"excerpt":{"rendered":"<p>EDUCATION OBJECTIVES To educate designers who are able to think divergently to develop solutions to design problems.To prepare students for an Architectural practice which is informed by; contemporary environmental, technical and social challenges.To introduce students to a wider community of architecture, so that they can find their own place either in their home-country or anywhere [&hellip;]<\/p>\n","protected":false},"author":1,"featured_media":0,"parent":4547,"menu_order":0,"comment_status":"closed","ping_status":"closed","template":"","meta":{"_acf_changed":false,"footnotes":""},"class_list":["post-4481","page","type-page","status-publish","hentry"],"acf":[],"_links":{"self":[{"href":"https:\/\/arch.bilkent.edu.tr\/index.php?rest_route=\/wp\/v2\/pages\/4481","targetHints":{"allow":["GET"]}}],"collection":[{"href":"https:\/\/arch.bilkent.edu.tr\/index.php?rest_route=\/wp\/v2\/pages"}],"about":[{"href":"https:\/\/arch.bilkent.edu.tr\/index.php?rest_route=\/wp\/v2\/types\/page"}],"author":[{"embeddable":true,"href":"https:\/\/arch.bilkent.edu.tr\/index.php?rest_route=\/wp\/v2\/users\/1"}],"replies":[{"embeddable":true,"href":"https:\/\/arch.bilkent.edu.tr\/index.php?rest_route=%2Fwp%2Fv2%2Fcomments&post=4481"}],"version-history":[{"count":7,"href":"https:\/\/arch.bilkent.edu.tr\/index.php?rest_route=\/wp\/v2\/pages\/4481\/revisions"}],"predecessor-version":[{"id":4499,"href":"https:\/\/arch.bilkent.edu.tr\/index.php?rest_route=\/wp\/v2\/pages\/4481\/revisions\/4499"}],"up":[{"embeddable":true,"href":"https:\/\/arch.bilkent.edu.tr\/index.php?rest_route=\/wp\/v2\/pages\/4547"}],"wp:attachment":[{"href":"https:\/\/arch.bilkent.edu.tr\/index.php?rest_route=%2Fwp%2Fv2%2Fmedia&parent=4481"}],"curies":[{"name":"wp","href":"https:\/\/api.w.org\/{rel}","templated":true}]}}